{"id":344,"date":"2022-08-21T10:05:36","date_gmt":"2022-08-21T10:05:36","guid":{"rendered":"https:\/\/antoniomaldera.it\/?page_id=344"},"modified":"2022-09-05T17:23:11","modified_gmt":"2022-09-05T17:23:11","slug":"lultimo-giro-del-cielo","status":"publish","type":"page","link":"https:\/\/antoniomaldera.it\/?page_id=344","title":{"rendered":"L\u2019ULTIMO GIRO DEL CIELO"},"content":{"rendered":"\n<p class=\"has-large-font-size\">L\u2019ULTIMO GIRO DEL CIELO<\/p>\n\n\n\n<p class=\"has-medium-font-size\">Secondo romanzo dell\u2018autore, in cui le vicende dei protagonisti mantengono sempre uno stretto legame con quelle storiche. Un libro &#8220;contemporaneo&#8221;, che si snoda lungo i vent\u2018anni che hanno dato il volto al mondo in cui oggi viviamo.<\/p>\n\n\n\n<div class=\"wp-block-columns is-layout-flex wp-container-core-columns-is-layout-9d6595d7 wp-block-columns-is-layout-flex\">\n<div class=\"wp-block-column is-layout-flow wp-block-column-is-layout-flow\">\n<p>Cos\u2018hanno in comune un diciannovenne, appena diplomato, che si gode scampoli d\u2018estate, nel 1990 dei mondiali di calcio in Italia, e un quarantenne, chiamato da tutti \u00abIl Ragazzo\u00bb, che si muove con aria trasognata nelle atmosfere di un inoltrato autunno dei primi anni Dieci del Duemila? Entrambi, con lo stesso batticuore adolescenziale, inseguono una \u00abLei\u00bb, diventata il baricentro delle loro esistenze. Passo dopo passo, superando incertezze e tentennamenti, il lieto fine sembra a portata di mano, finch\u00e9 una drammatica svolta, nella sera che dovrebbe ripagare tutte le attese, inizia a svelare un incrocio di destini.<br>Tra Milano e la Puglia delle radici, con rapidi cambi di scena e la colonna sonora di indimenticabili canzoni, si tesse una trama sottile che coinvolge anche un Paese appena \u00abal di l\u00e0 del mare\u00bb, reso ancora pi\u00f9 vicino dalle burrasche della storia. Da qui un giorno \u00e8 partita avventurosamente, insieme a tanti altri, una ragazza bellissima e ingenua, gi\u00e0 sola al mondo, fuggendo da aguzzini travestiti da benefattori e inseguendo un sogno di romantiche fantasie e luccicanti immagini televisive. Approder\u00e0, dopo un viaggio tormentato, sulla riva opposta dell\u2018Adriatico, come una splendida Venere bagnata e indifesa.<br>Le vicende scorrono lungo un ventennio, scosso da nuovi e inattesi pericoli e sorpreso da impetuosi movimenti di popoli, in cui \u00e8 cambiato radicalmente il nostro modo di comunicare. Su un tempo che balza avanti e indietro, proprio come le onde, incombe una strana \u00abprofezia\u00bb, che ha fatto irruzione quasi per gioco in una spensierata serata prenatalizia tra amici, riportando a galla fantasmi lontani: \u00abL\u2018ultimo giro del cielo\u00bb.<br>Cosa accadr\u00e0 ai protagonisti? La risposta \u00e8 in un romanzo in cui il passato e il presente, la morte e la vita, le tragedie personali e quelle collettive si intrecciano e si confondono fino a sembrare una cosa sola. E l\u2018unica salvezza dall\u2018\u00abinferno degli uomini\u00bb \u00e8 la forza inesauribile dell\u2018amore.<\/p>\n<\/div>\n\n\n\n<div class=\"wp-block-column is-layout-flow wp-block-column-is-layout-flow\">\n<p class=\"has-text-align-left has-background\" style=\"background-color:#e9e9e9\">Immagine di copertina e altre illustrazioni:<strong> Chiara Salvi<\/strong> <a href=\"https:\/\/lucebianca761976.wixsite.com\/illustrazioni\" target=\"_blank\" rel=\"noreferrer noopener nofollow\"><img loading=\"lazy\" decoding=\"async\" width=\"20\" height=\"20\" class=\"wp-image-392\" style=\"width: 20px;\" src=\"https:\/\/antoniomaldera.it\/wp-content\/uploads\/2022\/08\/antonio-maldera-icona-link.png\" alt=\"\"><\/a><\/p>\n\n\n<div class=\"wp-block-image\">\n<figure class=\"aligncenter size-full is-resized\"><img loading=\"lazy\" decoding=\"async\" src=\"https:\/\/antoniomaldera.it\/wp-content\/uploads\/2022\/08\/l-ultimo-giro-del-cielo-antonio-maldera-scrittore-milano.jpg\" alt=\"\" class=\"wp-image-349\" width=\"425\" height=\"595\" srcset=\"https:\/\/antoniomaldera.it\/wp-content\/uploads\/2022\/08\/l-ultimo-giro-del-cielo-antonio-maldera-scrittore-milano.jpg 357w, https:\/\/antoniomaldera.it\/wp-content\/uploads\/2022\/08\/l-ultimo-giro-del-cielo-antonio-maldera-scrittore-milano-214x300.jpg 214w\" sizes=\"auto, (max-width: 425px) 100vw, 425px\" \/><figcaption>L\u2018ULTIMO GIRO DEL CIELO, romanzo, formato 15&#215;21, pp. 214 Youcanprint, Tricase (Le), 2019<br>Disponibile in cartaceo <a href=\"https:\/\/www.youcanprint.it\/lultimo-giro-del-cielo\/b\/bc60d826-1915-5846-9330-1ad98f42660a\" target=\"_blank\" rel=\"noreferrer noopener nofollow\"><img loading=\"lazy\" decoding=\"async\" width=\"20\" height=\"20\" class=\"wp-image-392\" style=\"width: 20px;\" src=\"https:\/\/antoniomaldera.it\/wp-content\/uploads\/2022\/08\/antonio-maldera-icona-link.png\" alt=\"\"><\/a><br>ed e-book <a href=\"https:\/\/www.youcanprint.it\/lultimo-giro-del-cielo\/b\/25de14cf-1454-50b0-bfcb-8ae529363289\" target=\"_blank\" rel=\"noreferrer noopener nofollow\"><img loading=\"lazy\" decoding=\"async\" width=\"20\" height=\"20\" class=\"wp-image-392\" style=\"width: 20px;\" src=\"https:\/\/antoniomaldera.it\/wp-content\/uploads\/2022\/08\/antonio-maldera-icona-link.png\" alt=\"\"><\/a><br>Un articolo di presentazione <a href=\"https:\/\/www.leggereacolori.com\/libri\/lultimo-giro-del-cielo-antonio-maldera\/\" target=\"_blank\" rel=\"noreferrer noopener nofollow\"><img loading=\"lazy\" decoding=\"async\" width=\"20\" height=\"20\" class=\"wp-image-392\" style=\"width: 20px;\" src=\"https:\/\/antoniomaldera.it\/wp-content\/uploads\/2022\/08\/antonio-maldera-icona-link.png\" alt=\"\"><\/a><\/figcaption><\/figure>\n<\/div><\/div>\n<\/div>\n\n\n\n<div class=\"wp-block-columns has-background is-layout-flex wp-container-core-columns-is-layout-9d6595d7 wp-block-columns-is-layout-flex\" style=\"background-color:#e9e9e9\">\n<div class=\"wp-block-column is-layout-flow wp-block-column-is-layout-flow\">\n<div class=\"wp-block-columns is-layout-flex wp-container-core-columns-is-layout-9d6595d7 wp-block-columns-is-layout-flex\">\n<div class=\"wp-block-column is-layout-flow wp-block-column-is-layout-flow\">\n<p>&#8220;Era stato quasi un anno prima, una bella serata a Brera, sotto Natale, quando le luminarie danno un\u2018aria ancora pi\u00f9 surreale a quell\u2018angolo incantato della citt\u00e0. Una pizzata per farsi gli auguri e poi una bella passeggiata tra le viuzze. La luna quasi piena in cielo, una serata limpida e non troppo fredda, gradevole. A buttarla l\u00ec era stata Grazia, con quell\u2018aria da eterna adolescente curiosa che vuole sempre sperimentarle tutte. \u00abCi facciamo leggere le carte?\u00bb&#8221;<\/p>\n\n\n\n<p>&#8220;Vita, benedetta vita, forse siamo al mondo solo per sentire questo batticuore. Mondo, benedetto mondo, perch\u00e9 a questo mondo, dopo millenni e millenni, c\u2018\u00e8 Lei. In questo mondo che \u00e8 stato, nei milioni di anni, una landa desolata e muta. E adesso \u00e8 un tripudio di bellezza e di luce. Per Lei. Ecco perch\u00e9 \u00e8 stato creato un giorno l\u2018universo.&#8221;<\/p>\n\n\n\n<p>&#8220;Ti infili in quella folla sterminata, sembra la scena di un film. Uno di quei film che si vedono alla televisione, la televisione italiana. Ed \u00e8 quella l\u2018unica cosa che veramente hai capito. Italia. Quella nave va in Italia. Non \u00e8 come avevi sempre sognato, assomiglia a un incubo, \u00e8 un incubo. Ma \u00e8 l\u2018unica cosa che puoi fare adesso. Quella nave va in Italia. E ora, tra migliaia e migliaia di anime in pena, ci sei anche tu.&#8221;<\/p>\n<\/div>\n<\/div>\n<\/div>\n<\/div>\n","protected":false},"excerpt":{"rendered":"<p>L\u2019ULTIMO GIRO DEL CIELO Secondo romanzo dell\u2018autore, in cui le vicende dei protagonisti mantengono sempre uno stretto legame con quelle storiche. Un libro &#8220;contemporaneo&#8221;, che si snoda lungo i vent\u2018anni che hanno dato il volto al mondo in cui oggi viviamo. Cos\u2018hanno in comune un diciannovenne, appena diplomato, che si gode scampoli d\u2018estate, nel 1990 dei mondiali di calcio in Italia, e un quarantenne, chiamato da tutti \u00abIl Ragazzo\u00bb, che si&hellip;<\/p>\n<p> <a class=\"more-link\" href=\"https:\/\/antoniomaldera.it\/?page_id=344\">Leggi tutto<\/a><\/p>\n","protected":false},"author":1,"featured_media":0,"parent":0,"menu_order":0,"comment_status":"closed","ping_status":"closed","template":"","meta":{"footnotes":""},"class_list":["post-344","page","type-page","status-publish"],"yoast_head":"<!-- This site is optimized with the Yoast SEO plugin v19.5.1 - https:\/\/yoast.com\/wordpress\/plugins\/seo\/ -->\n<title>L\u2019ULTIMO GIRO DEL CIELO - ANTONIO MALDERA<\/title>\n<meta name=\"robots\" content=\"index, follow, max-snippet:-1, max-image-preview:large, max-video-preview:-1\" \/>\n<link rel=\"canonical\" href=\"https:\/\/antoniomaldera.it\/?page_id=344\" \/>\n<meta property=\"og:locale\" content=\"it_IT\" \/>\n<meta property=\"og:type\" content=\"article\" \/>\n<meta property=\"og:title\" content=\"L\u2019ULTIMO GIRO DEL CIELO - ANTONIO MALDERA\" \/>\n<meta property=\"og:description\" content=\"L\u2019ULTIMO GIRO DEL CIELO Secondo romanzo dell\u2018autore, in cui le vicende dei protagonisti mantengono sempre uno stretto legame con quelle storiche. Un libro &#8220;contemporaneo&#8221;, che si snoda lungo i vent\u2018anni che hanno dato il volto al mondo in cui oggi viviamo. Cos\u2018hanno in comune un diciannovenne, appena diplomato, che si gode scampoli d\u2018estate, nel 1990 dei mondiali di calcio in Italia, e un quarantenne, chiamato da tutti \u00abIl Ragazzo\u00bb, che si&hellip;  Leggi tutto\" \/>\n<meta property=\"og:url\" content=\"https:\/\/antoniomaldera.it\/?page_id=344\" \/>\n<meta property=\"og:site_name\" content=\"ANTONIO MALDERA\" \/>\n<meta property=\"article:modified_time\" content=\"2022-09-05T17:23:11+00:00\" \/>\n<meta property=\"og:image\" content=\"https:\/\/antoniomaldera.it\/wp-content\/uploads\/2022\/08\/antonio-maldera-icona-link.png\" \/>\n<meta name=\"twitter:card\" content=\"summary_large_image\" \/>\n<meta name=\"twitter:label1\" content=\"Tempo di lettura stimato\" \/>\n\t<meta name=\"twitter:data1\" content=\"5 minuti\" \/>\n<script type=\"application\/ld+json\" class=\"yoast-schema-graph\">{\"@context\":\"https:\/\/schema.org\",\"@graph\":[{\"@type\":\"WebPage\",\"@id\":\"https:\/\/antoniomaldera.it\/?page_id=344\",\"url\":\"https:\/\/antoniomaldera.it\/?page_id=344\",\"name\":\"L\u2019ULTIMO GIRO DEL CIELO - ANTONIO MALDERA\",\"isPartOf\":{\"@id\":\"https:\/\/antoniomaldera.it\/#website\"},\"datePublished\":\"2022-08-21T10:05:36+00:00\",\"dateModified\":\"2022-09-05T17:23:11+00:00\",\"breadcrumb\":{\"@id\":\"https:\/\/antoniomaldera.it\/?page_id=344#breadcrumb\"},\"inLanguage\":\"it-IT\",\"potentialAction\":[{\"@type\":\"ReadAction\",\"target\":[\"https:\/\/antoniomaldera.it\/?page_id=344\"]}]},{\"@type\":\"BreadcrumbList\",\"@id\":\"https:\/\/antoniomaldera.it\/?page_id=344#breadcrumb\",\"itemListElement\":[{\"@type\":\"ListItem\",\"position\":1,\"name\":\"Home\",\"item\":\"https:\/\/antoniomaldera.it\/\"},{\"@type\":\"ListItem\",\"position\":2,\"name\":\"L\u2019ULTIMO GIRO DEL CIELO\"}]},{\"@type\":\"WebSite\",\"@id\":\"https:\/\/antoniomaldera.it\/#website\",\"url\":\"https:\/\/antoniomaldera.it\/\",\"name\":\"ANTONIO MALDERA\",\"description\":\"SCRITTORE\",\"potentialAction\":[{\"@type\":\"SearchAction\",\"target\":{\"@type\":\"EntryPoint\",\"urlTemplate\":\"https:\/\/antoniomaldera.it\/?s={search_term_string}\"},\"query-input\":\"required name=search_term_string\"}],\"inLanguage\":\"it-IT\"}]}<\/script>\n<!-- \/ Yoast SEO plugin. -->","yoast_head_json":{"title":"L\u2019ULTIMO GIRO DEL CIELO - ANTONIO MALDERA","robots":{"index":"index","follow":"follow","max-snippet":"max-snippet:-1","max-image-preview":"max-image-preview:large","max-video-preview":"max-video-preview:-1"},"canonical":"https:\/\/antoniomaldera.it\/?page_id=344","og_locale":"it_IT","og_type":"article","og_title":"L\u2019ULTIMO GIRO DEL CIELO - ANTONIO MALDERA","og_description":"L\u2019ULTIMO GIRO DEL CIELO Secondo romanzo dell\u2018autore, in cui le vicende dei protagonisti mantengono sempre uno stretto legame con quelle storiche. Un libro &#8220;contemporaneo&#8221;, che si snoda lungo i vent\u2018anni che hanno dato il volto al mondo in cui oggi viviamo. Cos\u2018hanno in comune un diciannovenne, appena diplomato, che si gode scampoli d\u2018estate, nel 1990 dei mondiali di calcio in Italia, e un quarantenne, chiamato da tutti \u00abIl Ragazzo\u00bb, che si&hellip;  Leggi tutto","og_url":"https:\/\/antoniomaldera.it\/?page_id=344","og_site_name":"ANTONIO MALDERA","article_modified_time":"2022-09-05T17:23:11+00:00","og_image":[{"url":"https:\/\/antoniomaldera.it\/wp-content\/uploads\/2022\/08\/antonio-maldera-icona-link.png"}],"twitter_card":"summary_large_image","twitter_misc":{"Tempo di lettura stimato":"5 minuti"},"schema":{"@context":"https:\/\/schema.org","@graph":[{"@type":"WebPage","@id":"https:\/\/antoniomaldera.it\/?page_id=344","url":"https:\/\/antoniomaldera.it\/?page_id=344","name":"L\u2019ULTIMO GIRO DEL CIELO - ANTONIO MALDERA","isPartOf":{"@id":"https:\/\/antoniomaldera.it\/#website"},"datePublished":"2022-08-21T10:05:36+00:00","dateModified":"2022-09-05T17:23:11+00:00","breadcrumb":{"@id":"https:\/\/antoniomaldera.it\/?page_id=344#breadcrumb"},"inLanguage":"it-IT","potentialAction":[{"@type":"ReadAction","target":["https:\/\/antoniomaldera.it\/?page_id=344"]}]},{"@type":"BreadcrumbList","@id":"https:\/\/antoniomaldera.it\/?page_id=344#breadcrumb","itemListElement":[{"@type":"ListItem","position":1,"name":"Home","item":"https:\/\/antoniomaldera.it\/"},{"@type":"ListItem","position":2,"name":"L\u2019ULTIMO GIRO DEL CIELO"}]},{"@type":"WebSite","@id":"https:\/\/antoniomaldera.it\/#website","url":"https:\/\/antoniomaldera.it\/","name":"ANTONIO MALDERA","description":"SCRITTORE","potentialAction":[{"@type":"SearchAction","target":{"@type":"EntryPoint","urlTemplate":"https:\/\/antoniomaldera.it\/?s={search_term_string}"},"query-input":"required name=search_term_string"}],"inLanguage":"it-IT"}]}},"uagb_featured_image_src":{"full":false,"thumbnail":false,"medium":false,"medium_large":false,"large":false,"1536x1536":false,"2048x2048":false},"uagb_author_info":{"display_name":"admin","author_link":"https:\/\/antoniomaldera.it\/?author=1"},"uagb_comment_info":0,"uagb_excerpt":"L\u2019ULTIMO GIRO DEL CIELO Secondo romanzo dell\u2018autore, in cui le vicende dei protagonisti mantengono sempre uno stretto legame con quelle storiche. Un libro &#8220;contemporaneo&#8221;, che si snoda lungo i vent\u2018anni che hanno dato il volto al mondo in cui oggi viviamo. Cos\u2018hanno in comune un diciannovenne, appena diplomato, che si gode scampoli d\u2018estate, nel 1990&hellip;","_links":{"self":[{"href":"https:\/\/antoniomaldera.it\/index.php?rest_route=\/wp\/v2\/pages\/344","targetHints":{"allow":["GET"]}}],"collection":[{"href":"https:\/\/antoniomaldera.it\/index.php?rest_route=\/wp\/v2\/pages"}],"about":[{"href":"https:\/\/antoniomaldera.it\/index.php?rest_route=\/wp\/v2\/types\/page"}],"author":[{"embeddable":true,"href":"https:\/\/antoniomaldera.it\/index.php?rest_route=\/wp\/v2\/users\/1"}],"replies":[{"embeddable":true,"href":"https:\/\/antoniomaldera.it\/index.php?rest_route=%2Fwp%2Fv2%2Fcomments&post=344"}],"version-history":[{"count":31,"href":"https:\/\/antoniomaldera.it\/index.php?rest_route=\/wp\/v2\/pages\/344\/revisions"}],"predecessor-version":[{"id":552,"href":"https:\/\/antoniomaldera.it\/index.php?rest_route=\/wp\/v2\/pages\/344\/revisions\/552"}],"wp:attachment":[{"href":"https:\/\/antoniomaldera.it\/index.php?rest_route=%2Fwp%2Fv2%2Fmedia&parent=344"}],"curies":[{"name":"wp","href":"https:\/\/api.w.org\/{rel}","templated":true}]}}